{"version":"1.0","provider_name":"Newsendip","provider_url":"https:\/\/www.newsendip.com\/fr\/","author_name":"Claire Rhea","author_url":"https:\/\/www.newsendip.com\/fr\/author\/claire-rhea\/","title":"L'Allemagne introduit une carte pr\u00e9pay\u00e9e pour les r\u00e9fugi\u00e9s","type":"rich","width":600,"height":338,"html":"<blockquote class=\"wp-embedded-content\" data-secret=\"g0b785o7cd\"><a href=\"https:\/\/www.newsendip.com\/fr\/allemagne-carte-paiement-refugies-demandeurs-asile\/\">L\u2019Allemagne introduit une carte pr\u00e9pay\u00e9e pour les r\u00e9fugi\u00e9s<\/a><\/blockquote><iframe sandbox=\"allow-scripts\" security=\"restricted\" src=\"https:\/\/www.newsendip.com\/fr\/allemagne-carte-paiement-refugies-demandeurs-asile\/embed\/#?secret=g0b785o7cd\" width=\"600\" height=\"338\" title=\"\u00ab\u00a0L\u2019Allemagne introduit une carte pr\u00e9pay\u00e9e pour les r\u00e9fugi\u00e9s\u00a0\u00bb &#8212; Newsendip\" data-secret=\"g0b785o7cd\" frameborder=\"0\" marginwidth=\"0\" marginheight=\"0\" scrolling=\"no\" class=\"wp-embedded-content\"><\/iframe><script>\n\/*! This file is auto-generated *\/\n!function(d,l){\"use strict\";l.querySelector&&d.addEventListener&&\"undefined\"!=typeof URL&&(d.wp=d.wp||{},d.wp.receiveEmbedMessage||(d.wp.receiveEmbedMessage=function(e){var t=e.data;if((t||t.secret||t.message||t.value)&&!\/[^a-zA-Z0-9]\/.test(t.secret)){for(var s,r,n,a=l.querySelectorAll('iframe[data-secret=\"'+t.secret+'\"]'),o=l.querySelectorAll('blockquote[data-secret=\"'+t.secret+'\"]'),c=new RegExp(\"^https?:$\",\"i\"),i=0;i<o.length;i++)o[i].style.display=\"none\";for(i=0;i<a.length;i++)s=a[i],e.source===s.contentWindow&&(s.removeAttribute(\"style\"),\"height\"===t.message?(1e3<(r=parseInt(t.value,10))?r=1e3:~~r<200&&(r=200),s.height=r):\"link\"===t.message&&(r=new URL(s.getAttribute(\"src\")),n=new URL(t.value),c.test(n.protocol))&&n.host===r.host&&l.activeElement===s&&(d.top.location.href=t.value))}},d.addEventListener(\"message\",d.wp.receiveEmbedMessage,!1),l.addEventListener(\"DOMContentLoaded\",function(){for(var e,t,s=l.querySelectorAll(\"iframe.wp-embedded-content\"),r=0;r<s.length;r++)(t=(e=s[r]).getAttribute(\"data-secret\"))||(t=Math.random().toString(36).substring(2,12),e.src+=\"#?secret=\"+t,e.setAttribute(\"data-secret\",t)),e.contentWindow.postMessage({message:\"ready\",secret:t},\"*\")},!1)))}(window,document);\n\/\/# sourceURL=https:\/\/www.newsendip.com\/wp-includes\/js\/wp-embed.min.js\n<\/script>\n","thumbnail_url":"https:\/\/www.newsendip.com\/wp-content\/uploads\/2024\/02\/No-one-is-illegal-ezgif.com-optijpeg.jpg","thumbnail_width":1920,"thumbnail_height":1273,"description":"Afin de r\u00e9duire les co\u00fbts administratifs et d'\u00e9viter certains abus, les \u00c9tats allemands remplaceront les allocations de demandeurs d'asile vers\u00e9es en esp\u00e8ces par des cartes pr\u00e9pay\u00e9es. Mais cette mesure n'est pas adopt\u00e9e uniform\u00e9ment par tous les L\u00e4nder et n'est pas sans critiques et avertissements de discrimination."}